{"id":1784,"date":"2025-09-04T18:35:14","date_gmt":"2025-09-04T21:35:14","guid":{"rendered":"https:\/\/fcepharma.com.br\/?page_id=1784"},"modified":"2026-03-17T14:43:46","modified_gmt":"2026-03-17T17:43:46","slug":"portfolio-alem-da-fce-pharma","status":"publish","type":"page","link":"https:\/\/fcepharma.com.br\/es\/portfolio-alem-da-fce-pharma\/","title":{"rendered":"Portf\u00f3lio al\u00e9m da FCE Pharma"},"content":{"rendered":"\t\t<div data-elementor-type=\"wp-page\" data-elementor-id=\"1784\" class=\"elementor elementor-1784\" data-elementor-post-type=\"page\">\n\t\t\t\t<div class=\"elementor-element elementor-element-41562281 bg-gradient e-flex e-con-boxed e-con e-parent\" data-id=\"41562281\" data-element_type=\"container\" data-e-type=\"container\">\n\t\t\t\t\t<div class=\"e-con-inner\">\n\t\t<div class=\"elementor-element elementor-element-73207d87 e-con-full e-flex e-con e-child\" data-id=\"73207d87\" data-element_type=\"container\" data-e-type=\"container\" data-settings=\"{&quot;background_motion_fx_scale_effect&quot;:&quot;yes&quot;,&quot;background_motion_fx_scale_speed&quot;:{&quot;unit&quot;:&quot;px&quot;,&quot;size&quot;:5,&quot;sizes&quot;:[]},&quot;background_motion_fx_scale_range&quot;:{&quot;unit&quot;:&quot;%&quot;,&quot;size&quot;:&quot;&quot;,&quot;sizes&quot;:{&quot;start&quot;:14,&quot;end&quot;:78}},&quot;background_motion_fx_range&quot;:&quot;viewport&quot;,&quot;background_motion_fx_scale_direction&quot;:&quot;out-in&quot;,&quot;background_motion_fx_devices&quot;:[&quot;desktop&quot;,&quot;tablet&quot;,&quot;mobile&quot;]}\">\n\t\t\t\t<div class=\"elementor-element elementor-element-64ed87eb elementor-invisible elementor-widget elementor-widget-heading\" data-id=\"64ed87eb\" data-element_type=\"widget\" data-e-type=\"widget\" data-settings=\"{&quot;_animation&quot;:&quot;fadeInDown&quot;}\" data-widget_type=\"heading.default\">\n\t\t\t\t<div class=\"elementor-widget-container\">\n\t\t\t\t\t<h1 class=\"elementor-heading-title elementor-size-default\">Portf\u00f3lio al\u00e9m da FCE Pharma<\/h1>\t\t\t\t<\/div>\n\t\t\t\t<\/div>\n\t\t\t\t<div class=\"elementor-element elementor-element-89af49 elementor-invisible elementor-widget elementor-widget-text-editor\" data-id=\"89af49\" data-element_type=\"widget\" data-e-type=\"widget\" data-settings=\"{&quot;_animation&quot;:&quot;fadeInUp&quot;,&quot;_animation_delay&quot;:500}\" data-widget_type=\"text-editor.default\">\n\t\t\t\t<div class=\"elementor-widget-container\">\n\t\t\t\t\t\t\t\t\t<p>A N\u00fcrnbergMesse Brasil realiza uma gama de feiras e eventos voltadas para o mercado life-science, veja e participe!<\/p>\t\t\t\t\t\t\t\t<\/div>\n\t\t\t\t<\/div>\n\t\t\t\t<\/div>\n\t\t<div class=\"elementor-element elementor-element-f9306e4 e-con-full e-flex e-con e-child\" data-id=\"f9306e4\" data-element_type=\"container\" data-e-type=\"container\" data-settings=\"{&quot;background_motion_fx_scale_effect&quot;:&quot;yes&quot;,&quot;background_motion_fx_scale_speed&quot;:{&quot;unit&quot;:&quot;px&quot;,&quot;size&quot;:5,&quot;sizes&quot;:[]},&quot;background_motion_fx_scale_range&quot;:{&quot;unit&quot;:&quot;%&quot;,&quot;size&quot;:&quot;&quot;,&quot;sizes&quot;:{&quot;start&quot;:14,&quot;end&quot;:78}},&quot;background_motion_fx_range&quot;:&quot;viewport&quot;,&quot;background_motion_fx_scale_direction&quot;:&quot;out-in&quot;,&quot;background_motion_fx_devices&quot;:[&quot;desktop&quot;,&quot;tablet&quot;,&quot;mobile&quot;]}\">\n\t\t\t\t<\/div>\n\t\t\t\t\t<\/div>\n\t\t\t\t<\/div>\n\t\t<div class=\"elementor-element elementor-element-47acf919 e-flex e-con-boxed e-con e-parent\" data-id=\"47acf919\" data-element_type=\"container\" data-e-type=\"container\" id=\"nossos-eventos\" data-settings=\"{&quot;background_background&quot;:&quot;classic&quot;}\">\n\t\t\t\t\t<div class=\"e-con-inner\">\n\t\t<div class=\"elementor-element elementor-element-78e0ef13 e-grid e-con-full e-con e-child\" data-id=\"78e0ef13\" data-element_type=\"container\" data-e-type=\"container\">\n\t\t\t\t<div class=\"elementor-element elementor-element-32be6959 min-h-180 elementor-cta--skin-classic elementor-animated-content elementor-bg-transform elementor-bg-transform-zoom-in elementor-widget elementor-widget-call-to-action\" data-id=\"32be6959\" data-element_type=\"widget\" data-e-type=\"widget\" data-widget_type=\"call-to-action.default\">\n\t\t\t\t<div class=\"elementor-widget-container\">\n\t\t\t\t\t\t\t<div class=\"elementor-cta\">\n\t\t\t\t\t\t\t<div class=\"elementor-cta__content\">\n\t\t\t\t\t\t\t\t\t<div class=\"elementor-content-item elementor-cta__content-item elementor-cta__image\">\n\t\t\t\t\t\t<img fetchpriority=\"high\" decoding=\"async\" width=\"1080\" height=\"168\" src=\"https:\/\/fcepharma.com.br\/wp-content\/uploads\/2025\/05\/logo-fce-cosmetique.webp\" class=\"attachment-full size-full wp-image-256\" alt=\"\" srcset=\"https:\/\/fcepharma.com.br\/wp-content\/uploads\/2025\/05\/logo-fce-cosmetique.webp 1080w, https:\/\/fcepharma.com.br\/wp-content\/uploads\/2025\/05\/logo-fce-cosmetique-300x47.webp 300w, https:\/\/fcepharma.com.br\/wp-content\/uploads\/2025\/05\/logo-fce-cosmetique-1024x159.webp 1024w, https:\/\/fcepharma.com.br\/wp-content\/uploads\/2025\/05\/logo-fce-cosmetique-768x119.webp 768w\" sizes=\"(max-width: 1080px) 100vw, 1080px\" \/>\t\t\t\t\t<\/div>\n\t\t\t\t\n\t\t\t\t\t\t\t\t\t<h2 class=\"elementor-cta__title elementor-cta__content-item elementor-content-item\">\n\t\t\t\t\t\tFCE Cosmetique\t\t\t\t\t<\/h2>\n\t\t\t\t\n\t\t\t\t\t\t\t\t\t<div class=\"elementor-cta__description elementor-cta__content-item elementor-content-item\">\n\t\t\t\t\t\t<strong>01 a 03 de junho de 2026<\/strong><br \/>\nFa\u00e7a parte do maior encontro da ind\u00fastria cosm\u00e9tica da Am\u00e9rica Latina e impulsione os seus neg\u00f3cios.\t\t\t\t\t<\/div>\n\t\t\t\t\n\t\t\t\t\t\t\t\t\t<div class=\"elementor-cta__button-wrapper elementor-cta__content-item elementor-content-item \">\n\t\t\t\t\t<a class=\"elementor-cta__button elementor-button elementor-size-\" href=\"https:\/\/www.fcepharma.com.br\/\" target=\"_blank\">\n\t\t\t\t\t\tVisitar site\t\t\t\t\t<\/a>\n\t\t\t\t\t<\/div>\n\t\t\t\t\t\t\t<\/div>\n\t\t\t\t\t\t<\/div>\n\t\t\t\t\t\t<\/div>\n\t\t\t\t<\/div>\n\t\t\t\t<div class=\"elementor-element elementor-element-6b09e5da min-h-180 elementor-cta--skin-classic elementor-animated-content elementor-bg-transform elementor-bg-transform-zoom-in elementor-widget elementor-widget-call-to-action\" data-id=\"6b09e5da\" data-element_type=\"widget\" data-e-type=\"widget\" data-widget_type=\"call-to-action.default\">\n\t\t\t\t<div class=\"elementor-widget-container\">\n\t\t\t\t\t\t\t<div class=\"elementor-cta\">\n\t\t\t\t\t\t\t<div class=\"elementor-cta__content\">\n\t\t\t\t\t\t\t\t\t<div class=\"elementor-content-item elementor-cta__content-item elementor-cta__image\">\n\t\t\t\t\t\t<img decoding=\"async\" width=\"272\" height=\"60\" src=\"https:\/\/fcepharma.com.br\/wp-content\/uploads\/2025\/09\/logo-wtnc.png\" class=\"attachment-full size-full wp-image-1789\" alt=\"\" srcset=\"https:\/\/fcepharma.com.br\/wp-content\/uploads\/2025\/09\/logo-wtnc.png 272w, https:\/\/fcepharma.com.br\/wp-content\/uploads\/2025\/09\/logo-wtnc-18x4.png 18w\" sizes=\"(max-width: 272px) 100vw, 272px\" \/>\t\t\t\t\t<\/div>\n\t\t\t\t\n\t\t\t\t\t\t\t\t\t<h2 class=\"elementor-cta__title elementor-cta__content-item elementor-content-item\">\n\t\t\t\t\t\tWNTC\t\t\t\t\t<\/h2>\n\t\t\t\t\n\t\t\t\t\t\t\t\t\t<div class=\"elementor-cta__description elementor-cta__content-item elementor-content-item\">\n\t\t\t\t\t\t<strong>01 de junho de 2026<\/strong><br \/>\nParticipe do congresso que abrange assuntos regulat\u00f3rio, pol\u00edticos, inova\u00e7\u00f5es, mercado, pesquisa e muito mais sobre a aplica\u00e7\u00e3o da cannabis para a popula\u00e7\u00e3o.\t\t\t\t\t<\/div>\n\t\t\t\t\n\t\t\t\t\t\t\t\t\t<div class=\"elementor-cta__button-wrapper elementor-cta__content-item elementor-content-item \">\n\t\t\t\t\t<a class=\"elementor-cta__button elementor-button elementor-size-\" href=\"https:\/\/weneedtotalkaboutcannabis.com.br\" target=\"_blank\">\n\t\t\t\t\t\tVisitar site\t\t\t\t\t<\/a>\n\t\t\t\t\t<\/div>\n\t\t\t\t\t\t\t<\/div>\n\t\t\t\t\t\t<\/div>\n\t\t\t\t\t\t<\/div>\n\t\t\t\t<\/div>\n\t\t\t\t<div class=\"elementor-element elementor-element-7dd1d6bf min-h-180 elementor-cta--skin-classic elementor-animated-content elementor-bg-transform elementor-bg-transform-zoom-in elementor-widget elementor-widget-call-to-action\" data-id=\"7dd1d6bf\" data-element_type=\"widget\" data-e-type=\"widget\" data-widget_type=\"call-to-action.default\">\n\t\t\t\t<div class=\"elementor-widget-container\">\n\t\t\t\t\t\t\t<div class=\"elementor-cta\">\n\t\t\t\t\t\t\t<div class=\"elementor-cta__content\">\n\t\t\t\t\t\t\t\t\t<div class=\"elementor-content-item elementor-cta__content-item elementor-cta__image\">\n\t\t\t\t\t\t<img decoding=\"async\" width=\"2499\" height=\"512\" src=\"https:\/\/fcepharma.com.br\/wp-content\/uploads\/2025\/09\/logo-fce-summit-horizontal.png\" class=\"attachment-full size-full wp-image-1790\" alt=\"\" srcset=\"https:\/\/fcepharma.com.br\/wp-content\/uploads\/2025\/09\/logo-fce-summit-horizontal.png 2499w, https:\/\/fcepharma.com.br\/wp-content\/uploads\/2025\/09\/logo-fce-summit-horizontal-300x61.png 300w, https:\/\/fcepharma.com.br\/wp-content\/uploads\/2025\/09\/logo-fce-summit-horizontal-1024x210.png 1024w, https:\/\/fcepharma.com.br\/wp-content\/uploads\/2025\/09\/logo-fce-summit-horizontal-768x157.png 768w, https:\/\/fcepharma.com.br\/wp-content\/uploads\/2025\/09\/logo-fce-summit-horizontal-1536x315.png 1536w, https:\/\/fcepharma.com.br\/wp-content\/uploads\/2025\/09\/logo-fce-summit-horizontal-2048x420.png 2048w, https:\/\/fcepharma.com.br\/wp-content\/uploads\/2025\/09\/logo-fce-summit-horizontal-18x4.png 18w\" sizes=\"(max-width: 2499px) 100vw, 2499px\" \/>\t\t\t\t\t<\/div>\n\t\t\t\t\n\t\t\t\t\t\t\t\t\t<h2 class=\"elementor-cta__title elementor-cta__content-item elementor-content-item\">\n\t\t\t\t\t\tFCE Summit\t\t\t\t\t<\/h2>\n\t\t\t\t\n\t\t\t\t\t\t\t\t\t<div class=\"elementor-cta__description elementor-cta__content-item elementor-content-item\">\n\t\t\t\t\t\t<strong>24 a 26 de novembro de 2026<\/strong><br \/>\nParticipe do encontro que conecta a ind\u00fastria farmac\u00eautica e cosm\u00e9tica na Col\u00f4mbia, promovendo neg\u00f3cios, conhecimento e novos mercados.\t\t\t\t\t<\/div>\n\t\t\t\t\n\t\t\t\t\t\t\t\t\t<div class=\"elementor-cta__button-wrapper elementor-cta__content-item elementor-content-item \">\n\t\t\t\t\t<a class=\"elementor-cta__button elementor-button elementor-size-\" href=\"https:\/\/fcesummit.com.br\/\" target=\"_blank\">\n\t\t\t\t\t\tVisitar site\t\t\t\t\t<\/a>\n\t\t\t\t\t<\/div>\n\t\t\t\t\t\t\t<\/div>\n\t\t\t\t\t\t<\/div>\n\t\t\t\t\t\t<\/div>\n\t\t\t\t<\/div>\n\t\t\t\t<div class=\"elementor-element elementor-element-10278a34 min-h-180 elementor-cta--skin-classic elementor-animated-content elementor-bg-transform elementor-bg-transform-zoom-in elementor-widget elementor-widget-call-to-action\" data-id=\"10278a34\" data-element_type=\"widget\" data-e-type=\"widget\" data-widget_type=\"call-to-action.default\">\n\t\t\t\t<div class=\"elementor-widget-container\">\n\t\t\t\t\t\t\t<div class=\"elementor-cta\">\n\t\t\t\t\t\t\t<div class=\"elementor-cta__content\">\n\t\t\t\t\t\t\t\t\t<div class=\"elementor-content-item elementor-cta__content-item elementor-cta__image\">\n\t\t\t\t\t\t<img loading=\"lazy\" decoding=\"async\" width=\"2560\" height=\"742\" src=\"https:\/\/fcepharma.com.br\/wp-content\/uploads\/2025\/09\/BioBank_logo_color-scaled-1.webp\" class=\"attachment-full size-full wp-image-1791\" alt=\"\" srcset=\"https:\/\/fcepharma.com.br\/wp-content\/uploads\/2025\/09\/BioBank_logo_color-scaled-1.webp 2560w, https:\/\/fcepharma.com.br\/wp-content\/uploads\/2025\/09\/BioBank_logo_color-scaled-1-300x87.webp 300w, https:\/\/fcepharma.com.br\/wp-content\/uploads\/2025\/09\/BioBank_logo_color-scaled-1-1024x297.webp 1024w, https:\/\/fcepharma.com.br\/wp-content\/uploads\/2025\/09\/BioBank_logo_color-scaled-1-768x223.webp 768w, https:\/\/fcepharma.com.br\/wp-content\/uploads\/2025\/09\/BioBank_logo_color-scaled-1-1536x445.webp 1536w, https:\/\/fcepharma.com.br\/wp-content\/uploads\/2025\/09\/BioBank_logo_color-scaled-1-2048x594.webp 2048w, https:\/\/fcepharma.com.br\/wp-content\/uploads\/2025\/09\/BioBank_logo_color-scaled-1-18x5.webp 18w\" sizes=\"(max-width: 2560px) 100vw, 2560px\" \/>\t\t\t\t\t<\/div>\n\t\t\t\t\n\t\t\t\t\t\t\t\t\t<h2 class=\"elementor-cta__title elementor-cta__content-item elementor-content-item\">\n\t\t\t\t\t\tBiobank Brasil Summit\t\t\t\t\t<\/h2>\n\t\t\t\t\n\t\t\t\t\t\t\t\t\t<div class=\"elementor-cta__description elementor-cta__content-item elementor-content-item\">\n\t\t\t\t\t\t<strong>Setembro de 2026<\/strong><br \/>\nParticipe do evento que impulsiona o progresso cient\u00edfico e o desenvolvimento sustent\u00e1vel.\t\t\t\t\t<\/div>\n\t\t\t\t\n\t\t\t\t\t\t\t\t\t<div class=\"elementor-cta__button-wrapper elementor-cta__content-item elementor-content-item \">\n\t\t\t\t\t<a class=\"elementor-cta__button elementor-button elementor-size-\" href=\"https:\/\/biobankbrasil.com.br\/\" target=\"_blank\">\n\t\t\t\t\t\tVisitar site\t\t\t\t\t<\/a>\n\t\t\t\t\t<\/div>\n\t\t\t\t\t\t\t<\/div>\n\t\t\t\t\t\t<\/div>\n\t\t\t\t\t\t<\/div>\n\t\t\t\t<\/div>\n\t\t\t\t<div class=\"elementor-element elementor-element-4f5e62ce min-h-180 elementor-cta--skin-classic elementor-animated-content elementor-bg-transform elementor-bg-transform-zoom-in elementor-widget elementor-widget-call-to-action\" data-id=\"4f5e62ce\" data-element_type=\"widget\" data-e-type=\"widget\" data-widget_type=\"call-to-action.default\">\n\t\t\t\t<div class=\"elementor-widget-container\">\n\t\t\t\t\t\t\t<div class=\"elementor-cta\">\n\t\t\t\t\t\t\t<div class=\"elementor-cta__content\">\n\t\t\t\t\t\t\t\t\t<div class=\"elementor-content-item elementor-cta__content-item elementor-cta__image\">\n\t\t\t\t\t\t<img loading=\"lazy\" decoding=\"async\" width=\"512\" height=\"151\" src=\"https:\/\/fcepharma.com.br\/wp-content\/uploads\/2025\/09\/logo-analitica-02.webp\" class=\"attachment-full size-full wp-image-1792\" alt=\"\" srcset=\"https:\/\/fcepharma.com.br\/wp-content\/uploads\/2025\/09\/logo-analitica-02.webp 512w, https:\/\/fcepharma.com.br\/wp-content\/uploads\/2025\/09\/logo-analitica-02-300x88.webp 300w, https:\/\/fcepharma.com.br\/wp-content\/uploads\/2025\/09\/logo-analitica-02-18x5.webp 18w\" sizes=\"(max-width: 512px) 100vw, 512px\" \/>\t\t\t\t\t<\/div>\n\t\t\t\t\n\t\t\t\t\t\t\t\t\t<h2 class=\"elementor-cta__title elementor-cta__content-item elementor-content-item\">\n\t\t\t\t\t\tAnalitica Latin America\t\t\t\t\t<\/h2>\n\t\t\t\t\n\t\t\t\t\t\t\t\t\t<div class=\"elementor-cta__description elementor-cta__content-item elementor-content-item\">\n\t\t\t\t\t\t<strong>28 a 30 de setembro de 2027<\/strong><br \/>\nVenha para o maior ponto de encontro da ind\u00fastria qu\u00edmica anal\u00edtica na America Latina\t\t\t\t\t<\/div>\n\t\t\t\t\n\t\t\t\t\t\t\t\t\t<div class=\"elementor-cta__button-wrapper elementor-cta__content-item elementor-content-item \">\n\t\t\t\t\t<a class=\"elementor-cta__button elementor-button elementor-size-\" href=\"https:\/\/home.analiticanet.com.br\/\" target=\"_blank\">\n\t\t\t\t\t\tVisitar site\t\t\t\t\t<\/a>\n\t\t\t\t\t<\/div>\n\t\t\t\t\t\t\t<\/div>\n\t\t\t\t\t\t<\/div>\n\t\t\t\t\t\t<\/div>\n\t\t\t\t<\/div>\n\t\t\t\t<div class=\"elementor-element elementor-element-35a15589 min-h-180 elementor-cta--skin-classic elementor-animated-content elementor-bg-transform elementor-bg-transform-zoom-in elementor-widget elementor-widget-call-to-action\" data-id=\"35a15589\" data-element_type=\"widget\" data-e-type=\"widget\" data-widget_type=\"call-to-action.default\">\n\t\t\t\t<div class=\"elementor-widget-container\">\n\t\t\t\t\t\t\t<div class=\"elementor-cta\">\n\t\t\t\t\t\t\t<div class=\"elementor-cta__content\">\n\t\t\t\t\t\t\t\t\t<div class=\"elementor-content-item elementor-cta__content-item elementor-cta__image\">\n\t\t\t\t\t\t<img loading=\"lazy\" decoding=\"async\" width=\"680\" height=\"230\" src=\"https:\/\/fcepharma.com.br\/wp-content\/uploads\/2025\/09\/logo-Analitica-Road-Show.webp\" class=\"attachment-full size-full wp-image-1793\" alt=\"\" srcset=\"https:\/\/fcepharma.com.br\/wp-content\/uploads\/2025\/09\/logo-Analitica-Road-Show.webp 680w, https:\/\/fcepharma.com.br\/wp-content\/uploads\/2025\/09\/logo-Analitica-Road-Show-300x101.webp 300w, https:\/\/fcepharma.com.br\/wp-content\/uploads\/2025\/09\/logo-Analitica-Road-Show-18x6.webp 18w\" sizes=\"(max-width: 680px) 100vw, 680px\" \/>\t\t\t\t\t<\/div>\n\t\t\t\t\n\t\t\t\t\t\t\t\t\t<h2 class=\"elementor-cta__title elementor-cta__content-item elementor-content-item\">\n\t\t\t\t\t\tAnalitica Road Show\t\t\t\t\t<\/h2>\n\t\t\t\t\n\t\t\t\t\t\t\t\t\t<div class=\"elementor-cta__description elementor-cta__content-item elementor-content-item\">\n\t\t\t\t\t\t<strong>29 de setembro de 2026<\/strong><br \/>\nMarque presen\u00e7a no evento que visa reunir a exposi\u00e7\u00e3o de algumas empresas e o congresso Analitica em Santiago, Chile.\t\t\t\t\t<\/div>\n\t\t\t\t\n\t\t\t\t\t\t\t\t\t<div class=\"elementor-cta__button-wrapper elementor-cta__content-item elementor-content-item \">\n\t\t\t\t\t<a class=\"elementor-cta__button elementor-button elementor-size-\" href=\"https:\/\/analiticaroadshow.com\/\" target=\"_blank\">\n\t\t\t\t\t\tVisitar site\t\t\t\t\t<\/a>\n\t\t\t\t\t<\/div>\n\t\t\t\t\t\t\t<\/div>\n\t\t\t\t\t\t<\/div>\n\t\t\t\t\t\t<\/div>\n\t\t\t\t<\/div>\n\t\t\t\t<div class=\"elementor-element elementor-element-56e245e2 min-h-180 elementor-cta--skin-classic elementor-animated-content elementor-bg-transform elementor-bg-transform-zoom-in elementor-widget elementor-widget-call-to-action\" data-id=\"56e245e2\" data-element_type=\"widget\" data-e-type=\"widget\" data-widget_type=\"call-to-action.default\">\n\t\t\t\t<div class=\"elementor-widget-container\">\n\t\t\t\t\t\t\t<div class=\"elementor-cta\">\n\t\t\t\t\t\t\t<div class=\"elementor-cta__content\">\n\t\t\t\t\n\t\t\t\t\t\t\t\t\t<h2 class=\"elementor-cta__title elementor-cta__content-item elementor-content-item\">\n\t\t\t\t\t\tConfraria Perfumista\t\t\t\t\t<\/h2>\n\t\t\t\t\n\t\t\t\t\t\t\t\t\t<div class=\"elementor-cta__description elementor-cta__content-item elementor-content-item\">\n\t\t\t\t\t\t<strong>12 de novembro de 2025<\/strong><br \/>\nUm encontro exclusivo da ind\u00fastria cosm\u00e9tica, realizado em parceria com a PR Protocolo Consultoria. Em formato de jantar ou coquetel, a Confraria promove uma experi\u00eancia \u00fanica de relacionamento entre profissionais, marcas e especialistas do setor.\t\t\t\t\t<\/div>\n\t\t\t\t\n\t\t\t\t\t\t\t\t\t<div class=\"elementor-cta__button-wrapper elementor-cta__content-item elementor-content-item \">\n\t\t\t\t\t<a class=\"elementor-cta__button elementor-button elementor-size-\" href=\"https:\/\/fcecosmetique.com.br\/contatos\/\" target=\"_blank\">\n\t\t\t\t\t\tEntre em contato\t\t\t\t\t<\/a>\n\t\t\t\t\t<\/div>\n\t\t\t\t\t\t\t<\/div>\n\t\t\t\t\t\t<\/div>\n\t\t\t\t\t\t<\/div>\n\t\t\t\t<\/div>\n\t\t\t\t<div class=\"elementor-element elementor-element-380ab000 min-h-180 elementor-cta--skin-classic elementor-animated-content elementor-bg-transform elementor-bg-transform-zoom-in elementor-widget elementor-widget-call-to-action\" data-id=\"380ab000\" data-element_type=\"widget\" data-e-type=\"widget\" data-widget_type=\"call-to-action.default\">\n\t\t\t\t<div class=\"elementor-widget-container\">\n\t\t\t\t\t\t\t<div class=\"elementor-cta\">\n\t\t\t\t\t\t\t<div class=\"elementor-cta__content\">\n\t\t\t\t\n\t\t\t\t\t\t\t\t\t<h2 class=\"elementor-cta__title elementor-cta__content-item elementor-content-item\">\n\t\t\t\t\t\tConfraria PET South America &amp; FCE Cosmetique\t\t\t\t\t<\/h2>\n\t\t\t\t\n\t\t\t\t\t\t\t\t\t<div class=\"elementor-cta__description elementor-cta__content-item elementor-content-item\">\n\t\t\t\t\t\t<strong>21 de outubro de 2025<\/strong><br \/>\nUm encontro exclusivo para a ind\u00fastria cosm\u00e9tica voltada ao setor animal. Em formato de jantar ou coquetel, a Confraria promove conex\u00f5es reais entre amigos, parceiros e profissionais do mercado.\t\t\t\t\t<\/div>\n\t\t\t\t\n\t\t\t\t\t\t\t\t\t<div class=\"elementor-cta__button-wrapper elementor-cta__content-item elementor-content-item \">\n\t\t\t\t\t<a class=\"elementor-cta__button elementor-button elementor-size-\" href=\"https:\/\/fcecosmetique.com.br\/contatos\/\" target=\"_blank\">\n\t\t\t\t\t\tEntre em contato\t\t\t\t\t<\/a>\n\t\t\t\t\t<\/div>\n\t\t\t\t\t\t\t<\/div>\n\t\t\t\t\t\t<\/div>\n\t\t\t\t\t\t<\/div>\n\t\t\t\t<\/div>\n\t\t\t\t<\/div>\n\t\t\t\t\t<\/div>\n\t\t\t\t<\/div>\n\t\t\t\t<\/div>\n\t\t","protected":false},"excerpt":{"rendered":"<p>A N\u00fcrnbergMesse Brasil realiza uma gama de feiras e eventos voltadas para o mercado life-science, veja e participe! FCE Cosmetique 01 a 03 de junho de 2026 Fa\u00e7a parte do maior encontro da ind\u00fastria cosm\u00e9tica da Am\u00e9rica Latina e impulsione os seus neg\u00f3cios. Visitar site WNTC 01 de junho de 2026 Participe do congresso que [&hellip;]<\/p>\n","protected":false},"author":1,"featured_media":1010,"parent":0,"menu_order":0,"comment_status":"closed","ping_status":"closed","template":"","meta":{"footnotes":""},"class_list":["post-1784","page","type-page","status-publish","has-post-thumbnail","hentry"],"yoast_head":"<!-- This site is optimized with the Yoast SEO plugin v27.4 - https:\/\/yoast.com\/product\/yoast-seo-wordpress\/ -->\n<title>Portf\u00f3lio al\u00e9m da FCE Pharma - FCE Pharma 2026<\/title>\n<meta name=\"description\" content=\"Conhe\u00e7a o portf\u00f3lio completo de feiras Life Science al\u00e9m da FCE Pharma. Inclui FCE Cosmetique, Analitica, eventos internacionais, servi\u00e7os de viagem e solu\u00e7\u00f5es customizadas.\" \/>\n<meta name=\"robots\" content=\"index, follow, max-snippet:-1, max-image-preview:large, max-video-preview:-1\" \/>\n<link rel=\"canonical\" href=\"https:\/\/fcepharma.com.br\/es\/portfolio-alem-da-fce-pharma\/\" \/>\n<meta property=\"og:locale\" content=\"es_ES\" \/>\n<meta property=\"og:type\" content=\"article\" \/>\n<meta property=\"og:title\" content=\"Portf\u00f3lio al\u00e9m da FCE Pharma - FCE Pharma 2026\" \/>\n<meta property=\"og:description\" content=\"Conhe\u00e7a o portf\u00f3lio completo de feiras Life Science al\u00e9m da FCE Pharma. Inclui FCE Cosmetique, Analitica, eventos internacionais, servi\u00e7os de viagem e solu\u00e7\u00f5es customizadas.\" \/>\n<meta property=\"og:url\" content=\"https:\/\/fcepharma.com.br\/es\/portfolio-alem-da-fce-pharma\/\" \/>\n<meta property=\"og:site_name\" content=\"FCE Pharma 2026\" \/>\n<meta property=\"article:publisher\" content=\"https:\/\/www.facebook.com\/FCEPharma\" \/>\n<meta property=\"article:modified_time\" content=\"2026-03-17T17:43:46+00:00\" \/>\n<meta property=\"og:image\" content=\"https:\/\/fcepharma.com.br\/wp-content\/uploads\/2025\/06\/favicon-fce-pharma.png\" \/>\n\t<meta property=\"og:image:width\" content=\"512\" \/>\n\t<meta property=\"og:image:height\" content=\"512\" \/>\n\t<meta property=\"og:image:type\" content=\"image\/png\" \/>\n<meta name=\"twitter:card\" content=\"summary_large_image\" \/>\n<meta name=\"twitter:label1\" content=\"Tiempo de lectura\" \/>\n\t<meta name=\"twitter:data1\" content=\"3 minutos\" \/>\n<script type=\"application\/ld+json\" class=\"yoast-schema-graph\">{\"@context\":\"https:\\\/\\\/schema.org\",\"@graph\":[{\"@type\":\"WebPage\",\"@id\":\"https:\\\/\\\/fcepharma.com.br\\\/portfolio-alem-da-fce-pharma\\\/\",\"url\":\"https:\\\/\\\/fcepharma.com.br\\\/portfolio-alem-da-fce-pharma\\\/\",\"name\":\"Portf\u00f3lio al\u00e9m da FCE Pharma - FCE Pharma 2026\",\"isPartOf\":{\"@id\":\"https:\\\/\\\/fcepharma.com.br\\\/#website\"},\"primaryImageOfPage\":{\"@id\":\"https:\\\/\\\/fcepharma.com.br\\\/portfolio-alem-da-fce-pharma\\\/#primaryimage\"},\"image\":{\"@id\":\"https:\\\/\\\/fcepharma.com.br\\\/portfolio-alem-da-fce-pharma\\\/#primaryimage\"},\"thumbnailUrl\":\"https:\\\/\\\/fcepharma.com.br\\\/wp-content\\\/uploads\\\/2025\\\/06\\\/favicon-fce-pharma.png\",\"datePublished\":\"2025-09-04T21:35:14+00:00\",\"dateModified\":\"2026-03-17T17:43:46+00:00\",\"description\":\"Conhe\u00e7a o portf\u00f3lio completo de feiras Life Science al\u00e9m da FCE Pharma. Inclui FCE Cosmetique, Analitica, eventos internacionais, servi\u00e7os de viagem e solu\u00e7\u00f5es customizadas.\",\"breadcrumb\":{\"@id\":\"https:\\\/\\\/fcepharma.com.br\\\/portfolio-alem-da-fce-pharma\\\/#breadcrumb\"},\"inLanguage\":\"es\",\"potentialAction\":[{\"@type\":\"ReadAction\",\"target\":[\"https:\\\/\\\/fcepharma.com.br\\\/portfolio-alem-da-fce-pharma\\\/\"]}]},{\"@type\":\"ImageObject\",\"inLanguage\":\"es\",\"@id\":\"https:\\\/\\\/fcepharma.com.br\\\/portfolio-alem-da-fce-pharma\\\/#primaryimage\",\"url\":\"https:\\\/\\\/fcepharma.com.br\\\/wp-content\\\/uploads\\\/2025\\\/06\\\/favicon-fce-pharma.png\",\"contentUrl\":\"https:\\\/\\\/fcepharma.com.br\\\/wp-content\\\/uploads\\\/2025\\\/06\\\/favicon-fce-pharma.png\",\"width\":512,\"height\":512},{\"@type\":\"BreadcrumbList\",\"@id\":\"https:\\\/\\\/fcepharma.com.br\\\/portfolio-alem-da-fce-pharma\\\/#breadcrumb\",\"itemListElement\":[{\"@type\":\"ListItem\",\"position\":1,\"name\":\"In\u00edcio\",\"item\":\"https:\\\/\\\/fcepharma.com.br\\\/\"},{\"@type\":\"ListItem\",\"position\":2,\"name\":\"Portf\u00f3lio al\u00e9m da FCE Pharma\"}]},{\"@type\":\"WebSite\",\"@id\":\"https:\\\/\\\/fcepharma.com.br\\\/#website\",\"url\":\"https:\\\/\\\/fcepharma.com.br\\\/\",\"name\":\"FCE Pharma 2025\",\"description\":\"A FCE Pharma promove o encontro que gera neg\u00f3cios por meio de um hub de solu\u00e7\u00f5es para a cadeia da ind\u00fastria farmac\u00eautica.\",\"publisher\":{\"@id\":\"https:\\\/\\\/fcepharma.com.br\\\/#organization\"},\"potentialAction\":[{\"@type\":\"SearchAction\",\"target\":{\"@type\":\"EntryPoint\",\"urlTemplate\":\"https:\\\/\\\/fcepharma.com.br\\\/?s={search_term_string}\"},\"query-input\":{\"@type\":\"PropertyValueSpecification\",\"valueRequired\":true,\"valueName\":\"search_term_string\"}}],\"inLanguage\":\"es\"},{\"@type\":\"Organization\",\"@id\":\"https:\\\/\\\/fcepharma.com.br\\\/#organization\",\"name\":\"FCE Pharma 2025\",\"url\":\"https:\\\/\\\/fcepharma.com.br\\\/\",\"logo\":{\"@type\":\"ImageObject\",\"inLanguage\":\"es\",\"@id\":\"https:\\\/\\\/fcepharma.com.br\\\/#\\\/schema\\\/logo\\\/image\\\/\",\"url\":\"https:\\\/\\\/fcepharma.com.br\\\/wp-content\\\/uploads\\\/2024\\\/12\\\/logo-fce-pharma-horizontal.svg\",\"contentUrl\":\"https:\\\/\\\/fcepharma.com.br\\\/wp-content\\\/uploads\\\/2024\\\/12\\\/logo-fce-pharma-horizontal.svg\",\"width\":575,\"height\":111,\"caption\":\"FCE Pharma 2025\"},\"image\":{\"@id\":\"https:\\\/\\\/fcepharma.com.br\\\/#\\\/schema\\\/logo\\\/image\\\/\"},\"sameAs\":[\"https:\\\/\\\/www.facebook.com\\\/FCEPharma\",\"https:\\\/\\\/www.instagram.com\\\/fcepharmaoficial\\\/\",\"https:\\\/\\\/br.linkedin.com\\\/company\\\/fce-pharma\"]}]}<\/script>\n<!-- \/ Yoast SEO plugin. -->","yoast_head_json":{"title":"Portf\u00f3lio al\u00e9m da FCE Pharma - FCE Pharma 2026","description":"Conhe\u00e7a o portf\u00f3lio completo de feiras Life Science al\u00e9m da FCE Pharma. Inclui FCE Cosmetique, Analitica, eventos internacionais, servi\u00e7os de viagem e solu\u00e7\u00f5es customizadas.","robots":{"index":"index","follow":"follow","max-snippet":"max-snippet:-1","max-image-preview":"max-image-preview:large","max-video-preview":"max-video-preview:-1"},"canonical":"https:\/\/fcepharma.com.br\/es\/portfolio-alem-da-fce-pharma\/","og_locale":"es_ES","og_type":"article","og_title":"Portf\u00f3lio al\u00e9m da FCE Pharma - FCE Pharma 2026","og_description":"Conhe\u00e7a o portf\u00f3lio completo de feiras Life Science al\u00e9m da FCE Pharma. Inclui FCE Cosmetique, Analitica, eventos internacionais, servi\u00e7os de viagem e solu\u00e7\u00f5es customizadas.","og_url":"https:\/\/fcepharma.com.br\/es\/portfolio-alem-da-fce-pharma\/","og_site_name":"FCE Pharma 2026","article_publisher":"https:\/\/www.facebook.com\/FCEPharma","article_modified_time":"2026-03-17T17:43:46+00:00","og_image":[{"width":512,"height":512,"url":"https:\/\/fcepharma.com.br\/wp-content\/uploads\/2025\/06\/favicon-fce-pharma.png","type":"image\/png"}],"twitter_card":"summary_large_image","twitter_misc":{"Tiempo de lectura":"3 minutos"},"schema":{"@context":"https:\/\/schema.org","@graph":[{"@type":"WebPage","@id":"https:\/\/fcepharma.com.br\/portfolio-alem-da-fce-pharma\/","url":"https:\/\/fcepharma.com.br\/portfolio-alem-da-fce-pharma\/","name":"Portf\u00f3lio al\u00e9m da FCE Pharma - FCE Pharma 2026","isPartOf":{"@id":"https:\/\/fcepharma.com.br\/#website"},"primaryImageOfPage":{"@id":"https:\/\/fcepharma.com.br\/portfolio-alem-da-fce-pharma\/#primaryimage"},"image":{"@id":"https:\/\/fcepharma.com.br\/portfolio-alem-da-fce-pharma\/#primaryimage"},"thumbnailUrl":"https:\/\/fcepharma.com.br\/wp-content\/uploads\/2025\/06\/favicon-fce-pharma.png","datePublished":"2025-09-04T21:35:14+00:00","dateModified":"2026-03-17T17:43:46+00:00","description":"Conhe\u00e7a o portf\u00f3lio completo de feiras Life Science al\u00e9m da FCE Pharma. Inclui FCE Cosmetique, Analitica, eventos internacionais, servi\u00e7os de viagem e solu\u00e7\u00f5es customizadas.","breadcrumb":{"@id":"https:\/\/fcepharma.com.br\/portfolio-alem-da-fce-pharma\/#breadcrumb"},"inLanguage":"es","potentialAction":[{"@type":"ReadAction","target":["https:\/\/fcepharma.com.br\/portfolio-alem-da-fce-pharma\/"]}]},{"@type":"ImageObject","inLanguage":"es","@id":"https:\/\/fcepharma.com.br\/portfolio-alem-da-fce-pharma\/#primaryimage","url":"https:\/\/fcepharma.com.br\/wp-content\/uploads\/2025\/06\/favicon-fce-pharma.png","contentUrl":"https:\/\/fcepharma.com.br\/wp-content\/uploads\/2025\/06\/favicon-fce-pharma.png","width":512,"height":512},{"@type":"BreadcrumbList","@id":"https:\/\/fcepharma.com.br\/portfolio-alem-da-fce-pharma\/#breadcrumb","itemListElement":[{"@type":"ListItem","position":1,"name":"In\u00edcio","item":"https:\/\/fcepharma.com.br\/"},{"@type":"ListItem","position":2,"name":"Portf\u00f3lio al\u00e9m da FCE Pharma"}]},{"@type":"WebSite","@id":"https:\/\/fcepharma.com.br\/#website","url":"https:\/\/fcepharma.com.br\/","name":"FCE Pharma 2025","description":"A FCE Pharma promove o encontro que gera neg\u00f3cios por meio de um hub de solu\u00e7\u00f5es para a cadeia da ind\u00fastria farmac\u00eautica.","publisher":{"@id":"https:\/\/fcepharma.com.br\/#organization"},"potentialAction":[{"@type":"SearchAction","target":{"@type":"EntryPoint","urlTemplate":"https:\/\/fcepharma.com.br\/?s={search_term_string}"},"query-input":{"@type":"PropertyValueSpecification","valueRequired":true,"valueName":"search_term_string"}}],"inLanguage":"es"},{"@type":"Organization","@id":"https:\/\/fcepharma.com.br\/#organization","name":"FCE Pharma 2025","url":"https:\/\/fcepharma.com.br\/","logo":{"@type":"ImageObject","inLanguage":"es","@id":"https:\/\/fcepharma.com.br\/#\/schema\/logo\/image\/","url":"https:\/\/fcepharma.com.br\/wp-content\/uploads\/2024\/12\/logo-fce-pharma-horizontal.svg","contentUrl":"https:\/\/fcepharma.com.br\/wp-content\/uploads\/2024\/12\/logo-fce-pharma-horizontal.svg","width":575,"height":111,"caption":"FCE Pharma 2025"},"image":{"@id":"https:\/\/fcepharma.com.br\/#\/schema\/logo\/image\/"},"sameAs":["https:\/\/www.facebook.com\/FCEPharma","https:\/\/www.instagram.com\/fcepharmaoficial\/","https:\/\/br.linkedin.com\/company\/fce-pharma"]}]}},"_links":{"self":[{"href":"https:\/\/fcepharma.com.br\/es\/wp-json\/wp\/v2\/pages\/1784","targetHints":{"allow":["GET"]}}],"collection":[{"href":"https:\/\/fcepharma.com.br\/es\/wp-json\/wp\/v2\/pages"}],"about":[{"href":"https:\/\/fcepharma.com.br\/es\/wp-json\/wp\/v2\/types\/page"}],"author":[{"embeddable":true,"href":"https:\/\/fcepharma.com.br\/es\/wp-json\/wp\/v2\/users\/1"}],"replies":[{"embeddable":true,"href":"https:\/\/fcepharma.com.br\/es\/wp-json\/wp\/v2\/comments?post=1784"}],"version-history":[{"count":24,"href":"https:\/\/fcepharma.com.br\/es\/wp-json\/wp\/v2\/pages\/1784\/revisions"}],"predecessor-version":[{"id":2285,"href":"https:\/\/fcepharma.com.br\/es\/wp-json\/wp\/v2\/pages\/1784\/revisions\/2285"}],"wp:featuredmedia":[{"embeddable":true,"href":"https:\/\/fcepharma.com.br\/es\/wp-json\/wp\/v2\/media\/1010"}],"wp:attachment":[{"href":"https:\/\/fcepharma.com.br\/es\/wp-json\/wp\/v2\/media?parent=1784"}],"curies":[{"name":"wp","href":"https:\/\/api.w.org\/{rel}","templated":true}]}}